{"id":620,"date":"2023-12-28T14:57:56","date_gmt":"2023-12-28T19:57:56","guid":{"rendered":"https:\/\/secondaire.franco-nord.ca\/secondaire\/"},"modified":"2026-01-30T13:33:52","modified_gmt":"2026-01-30T18:33:52","slug":"high-school","status":"publish","type":"page","link":"https:\/\/secondaire.franco-nord.ca\/en\/","title":{"rendered":"High School"},"content":{"rendered":"<div class=\"alignfull wp-block-acf-hero-secondaire\">\r\n    <div class=\"contentAbsolute wp-block-group is-layout-constrained wp-block-group-is-layout-constrained\">\r\n        <div class=\"wp-block-group alignwide\">\r\n            <h1>HIGH<br \/>\r\nSCHOOL<br \/>\r\n<span>AT ITS<\/span><br \/>\r\nBEST<\/h1>\r\n        <\/div>\r\n    <\/div>\r\n    <div class=\"contentAbsolute buttons wp-block-group is-layout-constrained wp-block-group-is-layout-constrained\">\r\n        <div class=\"is-content-justification-right wp-block-buttons alignwide is-layout-flex wp-block-buttons-is-layout-flex\">\r\n            <div class=\"wp-block-button is-style-down-arrow\"><a class=\"wp-block-button__link has-blanc-color has-text-color has-link-color wp-element-button\">Learn more<\/a><\/div>\r\n        <\/div>\r\n    <\/div>\r\n            <div class=\"swiper\">\r\n            <div class=\"swiper-wrapper\">\r\n                                    <div class=\"swiper-slide\">\r\n                        <div class=\"innerSlide\" style=\"background-color: #726ac8;\">\r\n                            <img loading=\"lazy\" decoding=\"async\" width=\"1920\" height=\"1308\" src=\"https:\/\/secondaire.franco-nord.ca\/wp-content\/uploads\/2023\/12\/background-secondaire.png\" class=\"background\" alt=\"\" srcset=\"https:\/\/secondaire.franco-nord.ca\/wp-content\/uploads\/2023\/12\/background-secondaire.png 1920w, https:\/\/secondaire.franco-nord.ca\/wp-content\/uploads\/2023\/12\/background-secondaire-300x204.png 300w, https:\/\/secondaire.franco-nord.ca\/wp-content\/uploads\/2023\/12\/background-secondaire-1024x698.png 1024w, https:\/\/secondaire.franco-nord.ca\/wp-content\/uploads\/2023\/12\/background-secondaire-768x523.png 768w, https:\/\/secondaire.franco-nord.ca\/wp-content\/uploads\/2023\/12\/background-secondaire-1536x1046.png 1536w\" sizes=\"auto, (max-width: 1920px) 100vw, 1920px\" \/>                            <img loading=\"lazy\" decoding=\"async\" width=\"1872\" height=\"1600\" src=\"https:\/\/secondaire.franco-nord.ca\/wp-content\/uploads\/2023\/12\/ESEB.png\" class=\"girl\" alt=\"\" srcset=\"https:\/\/secondaire.franco-nord.ca\/wp-content\/uploads\/2023\/12\/ESEB.png 1872w, https:\/\/secondaire.franco-nord.ca\/wp-content\/uploads\/2023\/12\/ESEB-300x256.png 300w, https:\/\/secondaire.franco-nord.ca\/wp-content\/uploads\/2023\/12\/ESEB-1024x875.png 1024w, https:\/\/secondaire.franco-nord.ca\/wp-content\/uploads\/2023\/12\/ESEB-768x656.png 768w, https:\/\/secondaire.franco-nord.ca\/wp-content\/uploads\/2023\/12\/ESEB-1536x1313.png 1536w\" sizes=\"auto, (max-width: 1872px) 100vw, 1872px\" \/>                        <\/div>\r\n                    <\/div>\r\n                                    <div class=\"swiper-slide\">\r\n                        <div class=\"innerSlide\" style=\"background-color: #303030;\">\r\n                            <img loading=\"lazy\" decoding=\"async\" width=\"1920\" height=\"1308\" src=\"https:\/\/secondaire.franco-nord.ca\/wp-content\/uploads\/2023\/12\/background-secondaire.png\" class=\"background\" alt=\"\" srcset=\"https:\/\/secondaire.franco-nord.ca\/wp-content\/uploads\/2023\/12\/background-secondaire.png 1920w, https:\/\/secondaire.franco-nord.ca\/wp-content\/uploads\/2023\/12\/background-secondaire-300x204.png 300w, https:\/\/secondaire.franco-nord.ca\/wp-content\/uploads\/2023\/12\/background-secondaire-1024x698.png 1024w, https:\/\/secondaire.franco-nord.ca\/wp-content\/uploads\/2023\/12\/background-secondaire-768x523.png 768w, https:\/\/secondaire.franco-nord.ca\/wp-content\/uploads\/2023\/12\/background-secondaire-1536x1046.png 1536w\" sizes=\"auto, (max-width: 1920px) 100vw, 1920px\" \/>                            <img loading=\"lazy\" decoding=\"async\" width=\"1872\" height=\"1600\" src=\"https:\/\/secondaire.franco-nord.ca\/wp-content\/uploads\/2023\/12\/ESFC.png\" class=\"girl\" alt=\"\" srcset=\"https:\/\/secondaire.franco-nord.ca\/wp-content\/uploads\/2023\/12\/ESFC.png 1872w, https:\/\/secondaire.franco-nord.ca\/wp-content\/uploads\/2023\/12\/ESFC-300x256.png 300w, https:\/\/secondaire.franco-nord.ca\/wp-content\/uploads\/2023\/12\/ESFC-1024x875.png 1024w, https:\/\/secondaire.franco-nord.ca\/wp-content\/uploads\/2023\/12\/ESFC-768x656.png 768w, https:\/\/secondaire.franco-nord.ca\/wp-content\/uploads\/2023\/12\/ESFC-1536x1313.png 1536w\" sizes=\"auto, (max-width: 1872px) 100vw, 1872px\" \/>                        <\/div>\r\n                    <\/div>\r\n                                    <div class=\"swiper-slide\">\r\n                        <div class=\"innerSlide\" style=\"background-color: #303030;\">\r\n                            <img loading=\"lazy\" decoding=\"async\" width=\"1920\" height=\"1308\" src=\"https:\/\/secondaire.franco-nord.ca\/wp-content\/uploads\/2023\/12\/background-secondaire.png\" class=\"background\" alt=\"\" srcset=\"https:\/\/secondaire.franco-nord.ca\/wp-content\/uploads\/2023\/12\/background-secondaire.png 1920w, https:\/\/secondaire.franco-nord.ca\/wp-content\/uploads\/2023\/12\/background-secondaire-300x204.png 300w, https:\/\/secondaire.franco-nord.ca\/wp-content\/uploads\/2023\/12\/background-secondaire-1024x698.png 1024w, https:\/\/secondaire.franco-nord.ca\/wp-content\/uploads\/2023\/12\/background-secondaire-768x523.png 768w, https:\/\/secondaire.franco-nord.ca\/wp-content\/uploads\/2023\/12\/background-secondaire-1536x1046.png 1536w\" sizes=\"auto, (max-width: 1920px) 100vw, 1920px\" \/>                            <img loading=\"lazy\" decoding=\"async\" width=\"1872\" height=\"1600\" src=\"https:\/\/secondaire.franco-nord.ca\/wp-content\/uploads\/2023\/12\/ESCA.png\" class=\"girl\" alt=\"\" srcset=\"https:\/\/secondaire.franco-nord.ca\/wp-content\/uploads\/2023\/12\/ESCA.png 1872w, https:\/\/secondaire.franco-nord.ca\/wp-content\/uploads\/2023\/12\/ESCA-300x256.png 300w, https:\/\/secondaire.franco-nord.ca\/wp-content\/uploads\/2023\/12\/ESCA-1024x875.png 1024w, https:\/\/secondaire.franco-nord.ca\/wp-content\/uploads\/2023\/12\/ESCA-768x656.png 768w, https:\/\/secondaire.franco-nord.ca\/wp-content\/uploads\/2023\/12\/ESCA-1536x1313.png 1536w\" sizes=\"auto, (max-width: 1872px) 100vw, 1872px\" \/>                        <\/div>\r\n                    <\/div>\r\n                            <\/div>\r\n        <\/div>\r\n    <\/div>\n\n\n<div style=\"height:10em\" aria-hidden=\"true\" class=\"wp-block-spacer\"><\/div>\n\n\n\n<div class=\"wp-block-group maternelleContent is-content-justification-left is-layout-constrained wp-container-core-group-is-layout-70d84030 wp-block-group-is-layout-constrained\">\n<h2 class=\"wp-block-heading has-gris-fonce-color has-text-color has-link-color has-area-normal-font-family wp-elements-501f5fb2d1c535bcd7aed12b751dcbd0\" style=\"margin-bottom:0.8em\">Join the<br>Franco-Nord<br>Family<\/h2>\n\n\n\n<p>Conseil scolaire catholique Franco-Nord offers welcoming, inclusive, and safe environments that engage every student to learn, reach their potential, pursue their dreams and build the French-language Catholic community. Its distinctiveness and excellence in education are the result of hard work by a dedicated team, whose commitment is always centered on the well-being of students. Thanks to the dedication of all members of the Franco-Nord family, every student is supported in building their identity and academic journey, fostering success on every level.<\/p>\n\n\n\n<div style=\"height:20px\" aria-hidden=\"true\" class=\"wp-block-spacer\"><\/div>\n\n\n\n<div class=\"wp-block-buttons is-layout-flex wp-block-buttons-is-layout-flex\">\n<div class=\"wp-block-button is-style-small\"><a class=\"wp-block-button__link has-blanc-color has-vert-background-color has-text-color has-background has-link-color wp-element-button\" href=\"https:\/\/www.franco-nord.ca\/Inscription-%C3%A9lectronique\">2026-2027 REGISTRATION<\/a><\/div>\n<\/div>\n\n\n\n<div style=\"height:8em\" aria-hidden=\"true\" class=\"wp-block-spacer\"><\/div>\n<\/div>\n\n\n\r\n    <section class=\"map alignfull alignfull wp-block-utopian-map\">\r\n\r\n        <div class=\"acf-map\" data-zoom=\"16\">\r\n\r\n            \r\n                <div class=\"marker\" data-id=\"628\" data-polygon=\"\" data-location='{\"lat\":46.3187398000000030151568353176116943359375,\"lng\":-79.466915000000000190993887372314929962158203125}' data-color=\"#863434\">\r\n                <\/div>\r\n            \r\n                <div class=\"marker\" data-id=\"629\" data-polygon=\"\" data-location='{\"lat\":46.3727128000000021756932255811989307403564453125,\"lng\":-79.9280542999999994435711414553225040435791015625}' data-color=\"#f26b35\">\r\n                <\/div>\r\n            \r\n                <div class=\"marker\" data-id=\"630\" data-polygon=\"\" data-location='{\"lat\":46.31853719999998730827428516931831836700439453125,\"lng\":-78.711730899999992061566445045173168182373046875}' data-color=\"#7a70c3\">\r\n                <\/div>\r\n            \r\n        <\/div>\r\n\r\n                    <div class=\"mapPopup\" data-id=\"628\">\r\n                <button class=\"closeMapPopup\">\r\n                    <svg xmlns=\"http:\/\/www.w3.org\/2000\/svg\" height=\"16\" width=\"12\" viewBox=\"0 0 384 512\"><!--!Font Awesome Pro 6.5.1 by @fontawesome - https:\/\/fontawesome.com License - https:\/\/fontawesome.com\/license (Commercial License) Copyright 2023 Fonticons, Inc.-->\r\n                        <path d=\"M345 137c9.4-9.4 9.4-24.6 0-33.9s-24.6-9.4-33.9 0l-119 119L73 103c-9.4-9.4-24.6-9.4-33.9 0s-9.4 24.6 0 33.9l119 119L39 375c-9.4 9.4-9.4 24.6 0 33.9s24.6 9.4 33.9 0l119-119L311 409c9.4 9.4 24.6 9.4 33.9 0s9.4-24.6 0-33.9l-119-119L345 137z\" \/>\r\n                    <\/svg>\r\n                <\/button>\r\n                <h4 class=\"wp-block-heading\">\u00c9cole secondaire catholique <br>Algonquin<\/h4>\r\n                <p> 555, avenue Algonquin, North Bay, ON P1B 4W8<\/p>\r\n                <div class=\"wp-block-buttons is-layout-flex wp-block-buttons-is-layout-flex\">\r\n                    <div class=\"wp-block-button is-style-small\">\r\n                        <a class=\"wp-block-button__link wp-element-button\" href=\"https:\/\/secondaire.franco-nord.ca\/en\/algonquin\/\">LEARN MORE<\/a>\r\n                    <\/div>\r\n                <\/div>\r\n            <\/div>\r\n                    <div class=\"mapPopup\" data-id=\"629\">\r\n                <button class=\"closeMapPopup\">\r\n                    <svg xmlns=\"http:\/\/www.w3.org\/2000\/svg\" height=\"16\" width=\"12\" viewBox=\"0 0 384 512\"><!--!Font Awesome Pro 6.5.1 by @fontawesome - https:\/\/fontawesome.com License - https:\/\/fontawesome.com\/license (Commercial License) Copyright 2023 Fonticons, Inc.-->\r\n                        <path d=\"M345 137c9.4-9.4 9.4-24.6 0-33.9s-24.6-9.4-33.9 0l-119 119L73 103c-9.4-9.4-24.6-9.4-33.9 0s-9.4 24.6 0 33.9l119 119L39 375c-9.4 9.4-9.4 24.6 0 33.9s24.6 9.4 33.9 0l119-119L311 409c9.4 9.4 24.6 9.4 33.9 0s9.4-24.6 0-33.9l-119-119L345 137z\" \/>\r\n                    <\/svg>\r\n                <\/button>\r\n                <h4 class=\"wp-block-heading\">\u00c9cole secondaire catholique <br>Franco-Cit\u00e9<\/h4>\r\n                <p>90, rue Main, Sturgeon Falls Ontario P2B 2Z7 Canada<\/p>\r\n                <div class=\"wp-block-buttons is-layout-flex wp-block-buttons-is-layout-flex\">\r\n                    <div class=\"wp-block-button is-style-small\">\r\n                        <a class=\"wp-block-button__link wp-element-button\" href=\"https:\/\/secondaire.franco-nord.ca\/en\/francocite\/\">LEARN MORE<\/a>\r\n                    <\/div>\r\n                <\/div>\r\n            <\/div>\r\n                    <div class=\"mapPopup\" data-id=\"630\">\r\n                <button class=\"closeMapPopup\">\r\n                    <svg xmlns=\"http:\/\/www.w3.org\/2000\/svg\" height=\"16\" width=\"12\" viewBox=\"0 0 384 512\"><!--!Font Awesome Pro 6.5.1 by @fontawesome - https:\/\/fontawesome.com License - https:\/\/fontawesome.com\/license (Commercial License) Copyright 2023 Fonticons, Inc.-->\r\n                        <path d=\"M345 137c9.4-9.4 9.4-24.6 0-33.9s-24.6-9.4-33.9 0l-119 119L73 103c-9.4-9.4-24.6-9.4-33.9 0s-9.4 24.6 0 33.9l119 119L39 375c-9.4 9.4-9.4 24.6 0 33.9s24.6 9.4 33.9 0l119-119L311 409c9.4 9.4 24.6 9.4 33.9 0s9.4-24.6 0-33.9l-119-119L345 137z\" \/>\r\n                    <\/svg>\r\n                <\/button>\r\n                <h4 class=\"wp-block-heading\">\u00c9cole secondaire catholique <br>\u00c9lisabeth-Bruy\u00e8re<\/h4>\r\n                <p>359, rue Brydges, Mattawa, Ontario P0H 1V0, Canada<\/p>\r\n                <div class=\"wp-block-buttons is-layout-flex wp-block-buttons-is-layout-flex\">\r\n                    <div class=\"wp-block-button is-style-small\">\r\n                        <a class=\"wp-block-button__link wp-element-button\" href=\"https:\/\/secondaire.franco-nord.ca\/en\/elisabeth-bruyere\/\">LEARN MORE<\/a>\r\n                    <\/div>\r\n                <\/div>\r\n            <\/div>\r\n        \r\n    <\/section>\r\n\r\n\n\n\r\n    <section class=\"ecoles alignfull alignfull wp-block-utopian-ecoles\">\r\n\r\n        <div class=\"swiperContainer\">\r\n\r\n            <div class=\"swiper-button-prev\"><\/div>\r\n\r\n            <div class=\"swiper\">\r\n                <div class=\"swiper-wrapper\">\r\n                                            <div class=\"swiper-slide\">\r\n                            <a class=\"ecole\" href=\"https:\/\/secondaire.franco-nord.ca\/en\/algonquin\/\">\r\n                                <img loading=\"lazy\" decoding=\"async\" width=\"687\" height=\"629\" src=\"https:\/\/secondaire.franco-nord.ca\/wp-content\/uploads\/2023\/12\/FN_Ecoles_Logo_Algonquin-1.png\" class=\"attachment-post-thumbnail size-post-thumbnail wp-post-image\" alt=\"\" srcset=\"https:\/\/secondaire.franco-nord.ca\/wp-content\/uploads\/2023\/12\/FN_Ecoles_Logo_Algonquin-1.png 687w, https:\/\/secondaire.franco-nord.ca\/wp-content\/uploads\/2023\/12\/FN_Ecoles_Logo_Algonquin-1-300x275.png 300w\" sizes=\"auto, (max-width: 687px) 100vw, 687px\" \/>                            <\/a>\r\n                        <\/div>\r\n                                            <div class=\"swiper-slide\">\r\n                            <a class=\"ecole\" href=\"https:\/\/secondaire.franco-nord.ca\/en\/francocite\/\">\r\n                                <img loading=\"lazy\" decoding=\"async\" width=\"687\" height=\"629\" src=\"https:\/\/secondaire.franco-nord.ca\/wp-content\/uploads\/2023\/12\/FN_Ecoles_Logo_Franco-Cite.png\" class=\"attachment-post-thumbnail size-post-thumbnail wp-post-image\" alt=\"\" srcset=\"https:\/\/secondaire.franco-nord.ca\/wp-content\/uploads\/2023\/12\/FN_Ecoles_Logo_Franco-Cite.png 687w, https:\/\/secondaire.franco-nord.ca\/wp-content\/uploads\/2023\/12\/FN_Ecoles_Logo_Franco-Cite-300x275.png 300w\" sizes=\"auto, (max-width: 687px) 100vw, 687px\" \/>                            <\/a>\r\n                        <\/div>\r\n                                            <div class=\"swiper-slide\">\r\n                            <a class=\"ecole\" href=\"https:\/\/secondaire.franco-nord.ca\/en\/elisabeth-bruyere\/\">\r\n                                <img loading=\"lazy\" decoding=\"async\" width=\"687\" height=\"629\" src=\"https:\/\/secondaire.franco-nord.ca\/wp-content\/uploads\/2023\/12\/FN_Ecoles_Logo_Elisabeth-Bruyere.png\" class=\"attachment-post-thumbnail size-post-thumbnail wp-post-image\" alt=\"\" srcset=\"https:\/\/secondaire.franco-nord.ca\/wp-content\/uploads\/2023\/12\/FN_Ecoles_Logo_Elisabeth-Bruyere.png 687w, https:\/\/secondaire.franco-nord.ca\/wp-content\/uploads\/2023\/12\/FN_Ecoles_Logo_Elisabeth-Bruyere-300x275.png 300w\" sizes=\"auto, (max-width: 687px) 100vw, 687px\" \/>                            <\/a>\r\n                        <\/div>\r\n                                    <\/div>\r\n            <\/div>\r\n\r\n            <div class=\"swiper-button-next\"><\/div>\r\n\r\n        <\/div>\r\n\r\n    <\/section>\r\n\r\n\n\n\n<section class=\"wp-block-group alignfull pourquoi has-blanc-color has-text-color has-link-color wp-elements-c3b499f49574980a077086b821a40488 is-layout-constrained wp-container-core-group-is-layout-9eb9a864 wp-block-group-is-layout-constrained\" style=\"padding-top:0px;padding-right:0px;padding-bottom:0px;padding-left:0px\">\n<div class=\"wp-block-group alignfull background has-gris-fonce-background-color has-background is-layout-flow wp-block-group-is-layout-flow\" style=\"padding-top:0px;padding-right:0px;padding-bottom:0px;padding-left:0px\">\n<figure class=\"wp-block-image alignfull size-large wp-duotone-unset-1\"><img decoding=\"async\" src=\"https:\/\/secondaire.franco-nord.ca\/wp-content\/uploads\/2023\/12\/high-school-students-learning-together-in-a-hallwa-2023-11-27-05-19-58-utc-1024x742.png\" alt=\"\" class=\"wp-image-207\"\/><\/figure>\n<\/div>\n\n\n\n<div class=\"wp-block-buttons is-content-justification-center is-layout-flex wp-container-core-buttons-is-layout-a89b3969 wp-block-buttons-is-layout-flex\">\n<div class=\"wp-block-button is-style-large\"><a class=\"wp-block-button__link has-blanc-color has-vert-background-color has-text-color has-background has-link-color wp-element-button\" href=\"https:\/\/www.franco-nord.ca\/Inscription-\u00e9lectronique\" target=\"_blank\" rel=\"noreferrer noopener\">2026-2027 REGISTRATION<\/a><\/div>\n<\/div>\n\n\n\n<div class=\"wp-block-group relativeContent is-layout-flow wp-block-group-is-layout-flow\" style=\"padding-top:11em;padding-bottom:9em\">\n<h2 class=\"wp-block-heading has-text-align-center has-blanc-color has-text-color has-link-color has-area-normal-font-family wp-elements-4b6e3c2757dc30d19353a05b18725b62\" style=\"margin-bottom:1.2em\">Why Franco-Nord?<\/h2>\n\n\n\n<div class=\"wp-block-group is-content-justification-space-between is-layout-flex wp-container-core-group-is-layout-e5edad21 wp-block-group-is-layout-flex\"><div class=\"avantage wp-block-utopian-avantage\">\r\n    \n\n<p class=\"has-text-align-center number has-vert-background-color has-background has-roca-font-family\" style=\"padding-top:0px;padding-right:0px;padding-bottom:0px;padding-left:0px;font-size:3em;font-style:normal;font-weight:700\">1.<\/p>\n\n\n\n<h3 class=\"wp-block-heading has-text-align-center has-area-normal-font-family\" style=\"margin-bottom:1.33em\">Rewarding<\/h3>\n\n\n\n<p class=\"has-text-align-center\">Schools stand out for their family spirit, where every person is valued.<\/p>\n\n<\/div>\n\n<div class=\"avantage wp-block-utopian-avantage\">\r\n    \n\n<p class=\"has-text-align-center number has-vert-background-color has-background has-roca-font-family\" style=\"padding-top:0px;padding-right:0px;padding-bottom:0px;padding-left:0px;font-size:3em;font-style:normal;font-weight:700\">2.<\/p>\n\n\n\n<h3 class=\"wp-block-heading has-text-align-center has-area-normal-font-family\" style=\"margin-bottom:1.33em\">Growth<\/h3>\n\n\n\n<p class=\"has-text-align-center\">All students thrive through activities that foster their ties to the French-language and Catholic community.<\/p>\n\n<\/div>\n\n<div class=\"avantage wp-block-utopian-avantage\">\r\n    \n\n<p class=\"has-text-align-center number has-vert-background-color has-background has-roca-font-family\" style=\"padding-top:0px;padding-right:0px;padding-bottom:0px;padding-left:0px;font-size:3em;font-style:normal;font-weight:700\">3.<\/p>\n\n\n\n<h3 class=\"wp-block-heading has-text-align-center has-area-normal-font-family\" style=\"margin-bottom:1.33em\">Development<\/h3>\n\n\n\n<p class=\"has-text-align-center\">Living and learning in French every day builds linguistic confidence and makes students bilingual for life!<\/p>\n\n<\/div><\/div>\n<\/div>\n<\/section>\n","protected":false},"excerpt":{"rendered":"<p>Join theFranco-NordFamily Conseil scolaire catholique Franco-Nord offers welcoming, inclusive, and safe environments that engage every student to learn, reach their potential, pursue their dreams and build the French-language Catholic community. Its distinctiveness and excellence in education are the result of hard work by a dedicated team, whose commitment is always centered on the well-being of [&hellip;]<\/p>\n","protected":false},"author":2,"featured_media":0,"parent":0,"menu_order":0,"comment_status":"closed","ping_status":"open","template":"secondaire-home","meta":{"_acf_changed":false,"inline_featured_image":false,"footnotes":""},"class_list":["post-620","page","type-page","status-publish","hentry"],"acf":[],"yoast_head":"<!-- This site is optimized with the Yoast SEO plugin v26.8 - https:\/\/yoast.com\/product\/yoast-seo-wordpress\/ -->\n<title>Secondaire | Conseil scolaire catholique Franco-Nord<\/title>\n<meta name=\"description\" content=\"Le Conseil scolaire catholique Franco-Nord offre des milieux accueillants et inclusifs qui engagent chaque \u00e9l\u00e8ve \u00e0 atteindre son potentiel.\" \/>\n<meta name=\"robots\" content=\"index, follow, max-snippet:-1, max-image-preview:large, max-video-preview:-1\" \/>\n<link rel=\"canonical\" href=\"https:\/\/secondaire.franco-nord.ca\/en\/\" \/>\n<meta property=\"og:locale\" content=\"en_US\" \/>\n<meta property=\"og:type\" content=\"article\" \/>\n<meta property=\"og:title\" content=\"Secondaire | Conseil scolaire catholique Franco-Nord\" \/>\n<meta property=\"og:description\" content=\"Le Conseil scolaire catholique Franco-Nord offre des milieux accueillants et inclusifs qui engagent chaque \u00e9l\u00e8ve \u00e0 atteindre son potentiel.\" \/>\n<meta property=\"og:url\" content=\"https:\/\/secondaire.franco-nord.ca\/en\/\" \/>\n<meta property=\"og:site_name\" content=\"Secondaire | Conseil scolaire catholique Franco-Nord\" \/>\n<meta property=\"article:publisher\" content=\"https:\/\/www.facebook.com\/CSCFrancoNord\/\" \/>\n<meta property=\"article:modified_time\" content=\"2026-01-30T18:33:52+00:00\" \/>\n<meta property=\"og:image\" content=\"https:\/\/secondaire.franco-nord.ca\/wp-content\/uploads\/2024\/01\/CSFN_Share-Secondaire.jpg\" \/>\n\t<meta property=\"og:image:width\" content=\"1200\" \/>\n\t<meta property=\"og:image:height\" content=\"630\" \/>\n\t<meta property=\"og:image:type\" content=\"image\/jpeg\" \/>\n<meta name=\"twitter:card\" content=\"summary_large_image\" \/>\n<meta name=\"twitter:site\" content=\"@CSCFrancoNord\" \/>\n<meta name=\"twitter:label1\" content=\"Est. reading time\" \/>\n\t<meta name=\"twitter:data1\" content=\"1 minute\" \/>\n<script type=\"application\/ld+json\" class=\"yoast-schema-graph\">{\"@context\":\"https:\/\/schema.org\",\"@graph\":[{\"@type\":\"WebPage\",\"@id\":\"https:\/\/secondaire.franco-nord.ca\/en\/\",\"url\":\"https:\/\/secondaire.franco-nord.ca\/en\/\",\"name\":\"Secondaire | Conseil scolaire catholique Franco-Nord\",\"isPartOf\":{\"@id\":\"https:\/\/secondaire.franco-nord.ca\/en\/#website\"},\"primaryImageOfPage\":{\"@id\":\"https:\/\/secondaire.franco-nord.ca\/en\/#primaryimage\"},\"image\":{\"@id\":\"https:\/\/secondaire.franco-nord.ca\/en\/#primaryimage\"},\"thumbnailUrl\":\"https:\/\/secondaire.franco-nord.ca\/wp-content\/uploads\/2023\/12\/high-school-students-learning-together-in-a-hallwa-2023-11-27-05-19-58-utc-1024x742.png\",\"datePublished\":\"2023-12-28T19:57:56+00:00\",\"dateModified\":\"2026-01-30T18:33:52+00:00\",\"description\":\"Le Conseil scolaire catholique Franco-Nord offre des milieux accueillants et inclusifs qui engagent chaque \u00e9l\u00e8ve \u00e0 atteindre son potentiel.\",\"breadcrumb\":{\"@id\":\"https:\/\/secondaire.franco-nord.ca\/en\/#breadcrumb\"},\"inLanguage\":\"en-US\",\"potentialAction\":[{\"@type\":\"ReadAction\",\"target\":[\"https:\/\/secondaire.franco-nord.ca\/en\/\"]}]},{\"@type\":\"ImageObject\",\"inLanguage\":\"en-US\",\"@id\":\"https:\/\/secondaire.franco-nord.ca\/en\/#primaryimage\",\"url\":\"https:\/\/secondaire.franco-nord.ca\/wp-content\/uploads\/2023\/12\/high-school-students-learning-together-in-a-hallwa-2023-11-27-05-19-58-utc-1024x742.png\",\"contentUrl\":\"https:\/\/secondaire.franco-nord.ca\/wp-content\/uploads\/2023\/12\/high-school-students-learning-together-in-a-hallwa-2023-11-27-05-19-58-utc-1024x742.png\"},{\"@type\":\"BreadcrumbList\",\"@id\":\"https:\/\/secondaire.franco-nord.ca\/en\/#breadcrumb\",\"itemListElement\":[{\"@type\":\"ListItem\",\"position\":1,\"name\":\"Home\",\"item\":\"https:\/\/secondaire.franco-nord.ca\/en\/\"},{\"@type\":\"ListItem\",\"position\":2,\"name\":\"High School\"}]},{\"@type\":\"WebSite\",\"@id\":\"https:\/\/secondaire.franco-nord.ca\/en\/#website\",\"url\":\"https:\/\/secondaire.franco-nord.ca\/en\/\",\"name\":\"Franco-Nord\",\"description\":\"Plus le fun qu&#039;ailleurs\",\"publisher\":{\"@id\":\"https:\/\/secondaire.franco-nord.ca\/en\/#organization\"},\"potentialAction\":[{\"@type\":\"SearchAction\",\"target\":{\"@type\":\"EntryPoint\",\"urlTemplate\":\"https:\/\/secondaire.franco-nord.ca\/en\/?s={search_term_string}\"},\"query-input\":{\"@type\":\"PropertyValueSpecification\",\"valueRequired\":true,\"valueName\":\"search_term_string\"}}],\"inLanguage\":\"en-US\"},{\"@type\":\"Organization\",\"@id\":\"https:\/\/secondaire.franco-nord.ca\/en\/#organization\",\"name\":\"Franco-Nord\",\"url\":\"https:\/\/secondaire.franco-nord.ca\/en\/\",\"logo\":{\"@type\":\"ImageObject\",\"inLanguage\":\"en-US\",\"@id\":\"https:\/\/secondaire.franco-nord.ca\/en\/#\/schema\/logo\/image\/\",\"url\":\"http:\/\/secondaire.franco-nord.ca\/wp-content\/uploads\/2023\/12\/CSCFN_WHITE.png\",\"contentUrl\":\"http:\/\/secondaire.franco-nord.ca\/wp-content\/uploads\/2023\/12\/CSCFN_WHITE.png\",\"width\":1782,\"height\":1172,\"caption\":\"Franco-Nord\"},\"image\":{\"@id\":\"https:\/\/secondaire.franco-nord.ca\/en\/#\/schema\/logo\/image\/\"},\"sameAs\":[\"https:\/\/www.facebook.com\/CSCFrancoNord\/\",\"https:\/\/x.com\/CSCFrancoNord\",\"https:\/\/www.youtube.com\/channel\/UCrAqdv8F5mMlcKHKPueNp6g\"]}]}<\/script>\n<!-- \/ Yoast SEO plugin. -->","yoast_head_json":{"title":"Secondaire | Conseil scolaire catholique Franco-Nord","description":"Le Conseil scolaire catholique Franco-Nord offre des milieux accueillants et inclusifs qui engagent chaque \u00e9l\u00e8ve \u00e0 atteindre son potentiel.","robots":{"index":"index","follow":"follow","max-snippet":"max-snippet:-1","max-image-preview":"max-image-preview:large","max-video-preview":"max-video-preview:-1"},"canonical":"https:\/\/secondaire.franco-nord.ca\/en\/","og_locale":"en_US","og_type":"article","og_title":"Secondaire | Conseil scolaire catholique Franco-Nord","og_description":"Le Conseil scolaire catholique Franco-Nord offre des milieux accueillants et inclusifs qui engagent chaque \u00e9l\u00e8ve \u00e0 atteindre son potentiel.","og_url":"https:\/\/secondaire.franco-nord.ca\/en\/","og_site_name":"Secondaire | Conseil scolaire catholique Franco-Nord","article_publisher":"https:\/\/www.facebook.com\/CSCFrancoNord\/","article_modified_time":"2026-01-30T18:33:52+00:00","og_image":[{"width":1200,"height":630,"url":"https:\/\/secondaire.franco-nord.ca\/wp-content\/uploads\/2024\/01\/CSFN_Share-Secondaire.jpg","type":"image\/jpeg"}],"twitter_card":"summary_large_image","twitter_site":"@CSCFrancoNord","twitter_misc":{"Est. reading time":"1 minute"},"schema":{"@context":"https:\/\/schema.org","@graph":[{"@type":"WebPage","@id":"https:\/\/secondaire.franco-nord.ca\/en\/","url":"https:\/\/secondaire.franco-nord.ca\/en\/","name":"Secondaire | Conseil scolaire catholique Franco-Nord","isPartOf":{"@id":"https:\/\/secondaire.franco-nord.ca\/en\/#website"},"primaryImageOfPage":{"@id":"https:\/\/secondaire.franco-nord.ca\/en\/#primaryimage"},"image":{"@id":"https:\/\/secondaire.franco-nord.ca\/en\/#primaryimage"},"thumbnailUrl":"https:\/\/secondaire.franco-nord.ca\/wp-content\/uploads\/2023\/12\/high-school-students-learning-together-in-a-hallwa-2023-11-27-05-19-58-utc-1024x742.png","datePublished":"2023-12-28T19:57:56+00:00","dateModified":"2026-01-30T18:33:52+00:00","description":"Le Conseil scolaire catholique Franco-Nord offre des milieux accueillants et inclusifs qui engagent chaque \u00e9l\u00e8ve \u00e0 atteindre son potentiel.","breadcrumb":{"@id":"https:\/\/secondaire.franco-nord.ca\/en\/#breadcrumb"},"inLanguage":"en-US","potentialAction":[{"@type":"ReadAction","target":["https:\/\/secondaire.franco-nord.ca\/en\/"]}]},{"@type":"ImageObject","inLanguage":"en-US","@id":"https:\/\/secondaire.franco-nord.ca\/en\/#primaryimage","url":"https:\/\/secondaire.franco-nord.ca\/wp-content\/uploads\/2023\/12\/high-school-students-learning-together-in-a-hallwa-2023-11-27-05-19-58-utc-1024x742.png","contentUrl":"https:\/\/secondaire.franco-nord.ca\/wp-content\/uploads\/2023\/12\/high-school-students-learning-together-in-a-hallwa-2023-11-27-05-19-58-utc-1024x742.png"},{"@type":"BreadcrumbList","@id":"https:\/\/secondaire.franco-nord.ca\/en\/#breadcrumb","itemListElement":[{"@type":"ListItem","position":1,"name":"Home","item":"https:\/\/secondaire.franco-nord.ca\/en\/"},{"@type":"ListItem","position":2,"name":"High School"}]},{"@type":"WebSite","@id":"https:\/\/secondaire.franco-nord.ca\/en\/#website","url":"https:\/\/secondaire.franco-nord.ca\/en\/","name":"Franco-Nord","description":"Plus le fun qu&#039;ailleurs","publisher":{"@id":"https:\/\/secondaire.franco-nord.ca\/en\/#organization"},"potentialAction":[{"@type":"SearchAction","target":{"@type":"EntryPoint","urlTemplate":"https:\/\/secondaire.franco-nord.ca\/en\/?s={search_term_string}"},"query-input":{"@type":"PropertyValueSpecification","valueRequired":true,"valueName":"search_term_string"}}],"inLanguage":"en-US"},{"@type":"Organization","@id":"https:\/\/secondaire.franco-nord.ca\/en\/#organization","name":"Franco-Nord","url":"https:\/\/secondaire.franco-nord.ca\/en\/","logo":{"@type":"ImageObject","inLanguage":"en-US","@id":"https:\/\/secondaire.franco-nord.ca\/en\/#\/schema\/logo\/image\/","url":"http:\/\/secondaire.franco-nord.ca\/wp-content\/uploads\/2023\/12\/CSCFN_WHITE.png","contentUrl":"http:\/\/secondaire.franco-nord.ca\/wp-content\/uploads\/2023\/12\/CSCFN_WHITE.png","width":1782,"height":1172,"caption":"Franco-Nord"},"image":{"@id":"https:\/\/secondaire.franco-nord.ca\/en\/#\/schema\/logo\/image\/"},"sameAs":["https:\/\/www.facebook.com\/CSCFrancoNord\/","https:\/\/x.com\/CSCFrancoNord","https:\/\/www.youtube.com\/channel\/UCrAqdv8F5mMlcKHKPueNp6g"]}]}},"_links":{"self":[{"href":"https:\/\/secondaire.franco-nord.ca\/en\/wp-json\/wp\/v2\/pages\/620","targetHints":{"allow":["GET"]}}],"collection":[{"href":"https:\/\/secondaire.franco-nord.ca\/en\/wp-json\/wp\/v2\/pages"}],"about":[{"href":"https:\/\/secondaire.franco-nord.ca\/en\/wp-json\/wp\/v2\/types\/page"}],"author":[{"embeddable":true,"href":"https:\/\/secondaire.franco-nord.ca\/en\/wp-json\/wp\/v2\/users\/2"}],"replies":[{"embeddable":true,"href":"https:\/\/secondaire.franco-nord.ca\/en\/wp-json\/wp\/v2\/comments?post=620"}],"version-history":[{"count":14,"href":"https:\/\/secondaire.franco-nord.ca\/en\/wp-json\/wp\/v2\/pages\/620\/revisions"}],"predecessor-version":[{"id":826,"href":"https:\/\/secondaire.franco-nord.ca\/en\/wp-json\/wp\/v2\/pages\/620\/revisions\/826"}],"wp:attachment":[{"href":"https:\/\/secondaire.franco-nord.ca\/en\/wp-json\/wp\/v2\/media?parent=620"}],"curies":[{"name":"wp","href":"https:\/\/api.w.org\/{rel}","templated":true}]}}